{"id":33,"date":"2010-09-05T17:28:09","date_gmt":"2010-09-05T17:28:09","guid":{"rendered":"http:\/\/danot.fr\/WordPress\/?page_id=33"},"modified":"2010-12-21T10:24:06","modified_gmt":"2010-12-21T10:24:06","slug":"leglise","status":"publish","type":"page","link":"https:\/\/danot.fr\/WordPress\/?page_id=33","title":{"rendered":"L&rsquo;\u00e9glise"},"content":{"rendered":"<p><img loading=\"lazy\" decoding=\"async\" alt=\"\" src=\"http:\/\/t3.gstatic.com\/images?q=tbn:ANd9GcTRSQSJf1nNq7_tN86AO-271D3CExyxG6000fCGZS6ldrjg4FU&#038;t=1&#038;usg=__uklVsQac2tk3Urh6rAvXW6UNCLw=\" title=\"Eglise de St Lubin\" class=\"alignleft\" width=\"179\" height=\"282\" \/><br \/>\nLa nouvelle \u00e9glise Saint-Lubin, inaugur\u00e9e en 1871, est \u00e9lev\u00e9e \u00e0 l&#8217;emplacement d&rsquo;un champ de vigne. Elle remplace l&rsquo;\u00e9glise du m\u00eame nom \u00e9difi\u00e9e au XIIe si\u00e8cle et d\u00e9molie en 1872. Con\u00e7ue par un \u00e9l\u00e8ve de Viollet-le-Duc, cette \u00e9glise semblable \u00e0 celle de Privas, \u0153uvre du m\u00eame architecte, a \u00e9t\u00e9 construite avec de faibles moyens financiers. Cette contrainte explique que certains piliers int\u00e9rieurs soient en fonte. Leur aspect gracile conf\u00e8re une l\u00e9g\u00e8ret\u00e9 inhabituelle \u00e0 l&rsquo;\u00e9difice. L&rsquo;\u00e9glise est dot\u00e9e d&rsquo;un orgue en bois et \u00e9tain, qui a b\u00e9n\u00e9fici\u00e9 de deux campagnes de restauration depuis les ann\u00e9es 1980.<\/p>\n<p><a href=\"http:\/\/danot.fr\/WordPress\/wp-content\/uploads\/2010\/09\/Interieur-Eglise.jpg\"><img loading=\"lazy\" decoding=\"async\" src=\"http:\/\/danot.fr\/WordPress\/wp-content\/uploads\/2010\/09\/Interieur-Eglise-179x300.jpg\" alt=\"\" title=\"Interieur Eglise\" width=\"179\" height=\"300\" class=\"alignright size-medium wp-image-108\" srcset=\"https:\/\/danot.fr\/WordPress\/wp-content\/uploads\/2010\/09\/Interieur-Eglise-179x300.jpg 179w, https:\/\/danot.fr\/WordPress\/wp-content\/uploads\/2010\/09\/Interieur-Eglise-613x1024.jpg 613w, https:\/\/danot.fr\/WordPress\/wp-content\/uploads\/2010\/09\/Interieur-Eglise.jpg 1552w\" sizes=\"auto, (max-width: 179px) 100vw, 179px\" \/><\/a><\/p>\n<p><strong><br \/>\nRendez-vous le samedi 18 juin<br \/>\n\u00e0 15h<\/p>\n<p>Eglise Saint-Lubin<br \/>\nPlace Jeanne d&rsquo;Arc<br \/>\n78120 RAMBOUILLET<\/strong><br \/>\nCr\u00e9ateur Architecte : Anatole de Baudot<br \/>\nDatation 1868 &#8211; 1871<\/p>\n","protected":false},"excerpt":{"rendered":"<p>La nouvelle \u00e9glise Saint-Lubin, inaugur\u00e9e en 1871, est \u00e9lev\u00e9e \u00e0 l&#8217;emplacement d&rsquo;un champ de vigne. Elle remplace l&rsquo;\u00e9glise du m\u00eame nom \u00e9difi\u00e9e au XIIe si\u00e8cle et d\u00e9molie en 1872. Con\u00e7ue par un \u00e9l\u00e8ve de Viollet-le-Duc, cette \u00e9glise semblable \u00e0 celle de Privas, \u0153uvre du m\u00eame architecte, a \u00e9t\u00e9 construite avec de faibles moyens financiers. Cette [&hellip;]<\/p>\n","protected":false},"author":1,"featured_media":0,"parent":11,"menu_order":1,"comment_status":"open","ping_status":"open","template":"","meta":{"footnotes":""},"class_list":["post-33","page","type-page","status-publish","hentry"],"yoast_head":"<!-- This site is optimized with the Yoast SEO plugin v28.0 - https:\/\/yoast.com\/product\/yoast-seo-wordpress\/ -->\n<title>L&#039;\u00e9glise - Christine et Yannick<\/title>\n<meta name=\"robots\" content=\"noindex, follow, max-snippet:-1, max-image-preview:large, max-video-preview:-1\" \/>\n<meta property=\"og:locale\" content=\"fr_FR\" \/>\n<meta property=\"og:type\" content=\"article\" \/>\n<meta property=\"og:title\" content=\"L&#039;\u00e9glise - Christine et Yannick\" \/>\n<meta property=\"og:description\" content=\"La nouvelle \u00e9glise Saint-Lubin, inaugur\u00e9e en 1871, est \u00e9lev\u00e9e \u00e0 l&#8217;emplacement d&rsquo;un champ de vigne. Elle remplace l&rsquo;\u00e9glise du m\u00eame nom \u00e9difi\u00e9e au XIIe si\u00e8cle et d\u00e9molie en 1872. Con\u00e7ue par un \u00e9l\u00e8ve de Viollet-le-Duc, cette \u00e9glise semblable \u00e0 celle de Privas, \u0153uvre du m\u00eame architecte, a \u00e9t\u00e9 construite avec de faibles moyens financiers. Cette [&hellip;]\" \/>\n<meta property=\"og:url\" content=\"https:\/\/danot.fr\/WordPress\/?page_id=33\" \/>\n<meta property=\"og:site_name\" content=\"Christine et Yannick\" \/>\n<meta property=\"article:modified_time\" content=\"2010-12-21T10:24:06+00:00\" \/>\n<meta property=\"og:image\" content=\"http:\/\/t3.gstatic.com\/images?q=tbn:ANd9GcTRSQSJf1nNq7_tN86AO-271D3CExyxG6000fCGZS6ldrjg4FU&t=1&usg=__uklVsQac2tk3Urh6rAvXW6UNCLw=\" \/>\n<meta name=\"twitter:card\" content=\"summary_large_image\" \/>\n<meta name=\"twitter:label1\" content=\"Dur\u00e9e de lecture estim\u00e9e\" \/>\n\t<meta name=\"twitter:data1\" content=\"1 minute\" \/>\n<script type=\"application\/ld+json\" class=\"yoast-schema-graph\">{\"@context\":\"https:\\\/\\\/schema.org\",\"@graph\":[{\"@type\":\"WebPage\",\"@id\":\"https:\\\/\\\/danot.fr\\\/WordPress\\\/?page_id=33\",\"url\":\"https:\\\/\\\/danot.fr\\\/WordPress\\\/?page_id=33\",\"name\":\"L'\u00e9glise - Christine et Yannick\",\"isPartOf\":{\"@id\":\"https:\\\/\\\/danot.fr\\\/WordPress\\\/#website\"},\"primaryImageOfPage\":{\"@id\":\"https:\\\/\\\/danot.fr\\\/WordPress\\\/?page_id=33#primaryimage\"},\"image\":{\"@id\":\"https:\\\/\\\/danot.fr\\\/WordPress\\\/?page_id=33#primaryimage\"},\"thumbnailUrl\":\"http:\\\/\\\/t3.gstatic.com\\\/images?q=tbn:ANd9GcTRSQSJf1nNq7_tN86AO-271D3CExyxG6000fCGZS6ldrjg4FU&t=1&usg=__uklVsQac2tk3Urh6rAvXW6UNCLw=\",\"datePublished\":\"2010-09-05T17:28:09+00:00\",\"dateModified\":\"2010-12-21T10:24:06+00:00\",\"breadcrumb\":{\"@id\":\"https:\\\/\\\/danot.fr\\\/WordPress\\\/?page_id=33#breadcrumb\"},\"inLanguage\":\"fr-FR\",\"potentialAction\":[{\"@type\":\"ReadAction\",\"target\":[\"https:\\\/\\\/danot.fr\\\/WordPress\\\/?page_id=33\"]}]},{\"@type\":\"ImageObject\",\"inLanguage\":\"fr-FR\",\"@id\":\"https:\\\/\\\/danot.fr\\\/WordPress\\\/?page_id=33#primaryimage\",\"url\":\"http:\\\/\\\/t3.gstatic.com\\\/images?q=tbn:ANd9GcTRSQSJf1nNq7_tN86AO-271D3CExyxG6000fCGZS6ldrjg4FU&t=1&usg=__uklVsQac2tk3Urh6rAvXW6UNCLw=\",\"contentUrl\":\"http:\\\/\\\/t3.gstatic.com\\\/images?q=tbn:ANd9GcTRSQSJf1nNq7_tN86AO-271D3CExyxG6000fCGZS6ldrjg4FU&t=1&usg=__uklVsQac2tk3Urh6rAvXW6UNCLw=\"},{\"@type\":\"BreadcrumbList\",\"@id\":\"https:\\\/\\\/danot.fr\\\/WordPress\\\/?page_id=33#breadcrumb\",\"itemListElement\":[{\"@type\":\"ListItem\",\"position\":1,\"name\":\"Accueil\",\"item\":\"https:\\\/\\\/danot.fr\\\/WordPress\"},{\"@type\":\"ListItem\",\"position\":2,\"name\":\"Le jour J\",\"item\":\"https:\\\/\\\/danot.fr\\\/WordPress\\\/?page_id=11\"},{\"@type\":\"ListItem\",\"position\":3,\"name\":\"L&rsquo;\u00e9glise\"}]},{\"@type\":\"WebSite\",\"@id\":\"https:\\\/\\\/danot.fr\\\/WordPress\\\/#website\",\"url\":\"https:\\\/\\\/danot.fr\\\/WordPress\\\/\",\"name\":\"Christine et Yannick\",\"description\":\"Le mariage est une si jolie id\u00e9e que celle de vouloir faire le voyage \u00e0 deux !\",\"potentialAction\":[{\"@type\":\"SearchAction\",\"target\":{\"@type\":\"EntryPoint\",\"urlTemplate\":\"https:\\\/\\\/danot.fr\\\/WordPress\\\/?s={search_term_string}\"},\"query-input\":{\"@type\":\"PropertyValueSpecification\",\"valueRequired\":true,\"valueName\":\"search_term_string\"}}],\"inLanguage\":\"fr-FR\"}]}<\/script>\n<!-- \/ Yoast SEO plugin. -->","yoast_head_json":{"title":"L'\u00e9glise - Christine et Yannick","robots":{"index":"noindex","follow":"follow","max-snippet":"max-snippet:-1","max-image-preview":"max-image-preview:large","max-video-preview":"max-video-preview:-1"},"og_locale":"fr_FR","og_type":"article","og_title":"L'\u00e9glise - Christine et Yannick","og_description":"La nouvelle \u00e9glise Saint-Lubin, inaugur\u00e9e en 1871, est \u00e9lev\u00e9e \u00e0 l&#8217;emplacement d&rsquo;un champ de vigne. Elle remplace l&rsquo;\u00e9glise du m\u00eame nom \u00e9difi\u00e9e au XIIe si\u00e8cle et d\u00e9molie en 1872. Con\u00e7ue par un \u00e9l\u00e8ve de Viollet-le-Duc, cette \u00e9glise semblable \u00e0 celle de Privas, \u0153uvre du m\u00eame architecte, a \u00e9t\u00e9 construite avec de faibles moyens financiers. Cette [&hellip;]","og_url":"https:\/\/danot.fr\/WordPress\/?page_id=33","og_site_name":"Christine et Yannick","article_modified_time":"2010-12-21T10:24:06+00:00","og_image":[{"url":"http:\/\/t3.gstatic.com\/images?q=tbn:ANd9GcTRSQSJf1nNq7_tN86AO-271D3CExyxG6000fCGZS6ldrjg4FU&t=1&usg=__uklVsQac2tk3Urh6rAvXW6UNCLw=","type":"","width":"","height":""}],"twitter_card":"summary_large_image","twitter_misc":{"Dur\u00e9e de lecture estim\u00e9e":"1 minute"},"schema":{"@context":"https:\/\/schema.org","@graph":[{"@type":"WebPage","@id":"https:\/\/danot.fr\/WordPress\/?page_id=33","url":"https:\/\/danot.fr\/WordPress\/?page_id=33","name":"L'\u00e9glise - Christine et Yannick","isPartOf":{"@id":"https:\/\/danot.fr\/WordPress\/#website"},"primaryImageOfPage":{"@id":"https:\/\/danot.fr\/WordPress\/?page_id=33#primaryimage"},"image":{"@id":"https:\/\/danot.fr\/WordPress\/?page_id=33#primaryimage"},"thumbnailUrl":"http:\/\/t3.gstatic.com\/images?q=tbn:ANd9GcTRSQSJf1nNq7_tN86AO-271D3CExyxG6000fCGZS6ldrjg4FU&t=1&usg=__uklVsQac2tk3Urh6rAvXW6UNCLw=","datePublished":"2010-09-05T17:28:09+00:00","dateModified":"2010-12-21T10:24:06+00:00","breadcrumb":{"@id":"https:\/\/danot.fr\/WordPress\/?page_id=33#breadcrumb"},"inLanguage":"fr-FR","potentialAction":[{"@type":"ReadAction","target":["https:\/\/danot.fr\/WordPress\/?page_id=33"]}]},{"@type":"ImageObject","inLanguage":"fr-FR","@id":"https:\/\/danot.fr\/WordPress\/?page_id=33#primaryimage","url":"http:\/\/t3.gstatic.com\/images?q=tbn:ANd9GcTRSQSJf1nNq7_tN86AO-271D3CExyxG6000fCGZS6ldrjg4FU&t=1&usg=__uklVsQac2tk3Urh6rAvXW6UNCLw=","contentUrl":"http:\/\/t3.gstatic.com\/images?q=tbn:ANd9GcTRSQSJf1nNq7_tN86AO-271D3CExyxG6000fCGZS6ldrjg4FU&t=1&usg=__uklVsQac2tk3Urh6rAvXW6UNCLw="},{"@type":"BreadcrumbList","@id":"https:\/\/danot.fr\/WordPress\/?page_id=33#breadcrumb","itemListElement":[{"@type":"ListItem","position":1,"name":"Accueil","item":"https:\/\/danot.fr\/WordPress"},{"@type":"ListItem","position":2,"name":"Le jour J","item":"https:\/\/danot.fr\/WordPress\/?page_id=11"},{"@type":"ListItem","position":3,"name":"L&rsquo;\u00e9glise"}]},{"@type":"WebSite","@id":"https:\/\/danot.fr\/WordPress\/#website","url":"https:\/\/danot.fr\/WordPress\/","name":"Christine et Yannick","description":"Le mariage est une si jolie id\u00e9e que celle de vouloir faire le voyage \u00e0 deux !","potentialAction":[{"@type":"SearchAction","target":{"@type":"EntryPoint","urlTemplate":"https:\/\/danot.fr\/WordPress\/?s={search_term_string}"},"query-input":{"@type":"PropertyValueSpecification","valueRequired":true,"valueName":"search_term_string"}}],"inLanguage":"fr-FR"}]}},"jetpack_sharing_enabled":true,"_links":{"self":[{"href":"https:\/\/danot.fr\/WordPress\/index.php?rest_route=\/wp\/v2\/pages\/33","targetHints":{"allow":["GET"]}}],"collection":[{"href":"https:\/\/danot.fr\/WordPress\/index.php?rest_route=\/wp\/v2\/pages"}],"about":[{"href":"https:\/\/danot.fr\/WordPress\/index.php?rest_route=\/wp\/v2\/types\/page"}],"author":[{"embeddable":true,"href":"https:\/\/danot.fr\/WordPress\/index.php?rest_route=\/wp\/v2\/users\/1"}],"replies":[{"embeddable":true,"href":"https:\/\/danot.fr\/WordPress\/index.php?rest_route=%2Fwp%2Fv2%2Fcomments&post=33"}],"version-history":[{"count":14,"href":"https:\/\/danot.fr\/WordPress\/index.php?rest_route=\/wp\/v2\/pages\/33\/revisions"}],"predecessor-version":[{"id":92,"href":"https:\/\/danot.fr\/WordPress\/index.php?rest_route=\/wp\/v2\/pages\/33\/revisions\/92"}],"up":[{"embeddable":true,"href":"https:\/\/danot.fr\/WordPress\/index.php?rest_route=\/wp\/v2\/pages\/11"}],"wp:attachment":[{"href":"https:\/\/danot.fr\/WordPress\/index.php?rest_route=%2Fwp%2Fv2%2Fmedia&parent=33"}],"curies":[{"name":"wp","href":"https:\/\/api.w.org\/{rel}","templated":true}]}}