{"id":29,"date":"2010-09-05T17:26:56","date_gmt":"2010-09-05T17:26:56","guid":{"rendered":"http:\/\/danot.fr\/WordPress\/?page_id=29"},"modified":"2011-06-08T22:27:22","modified_gmt":"2011-06-08T20:27:22","slug":"la-salle","status":"publish","type":"page","link":"https:\/\/danot.fr\/WordPress\/?page_id=29","title":{"rendered":"La salle"},"content":{"rendered":"<p><strong>LA CHERAILLE<br \/>\nHameau de la Ch\u00e9raille<br \/>\n78120 CLAIREFONTAINE EN YVELINES<\/strong><\/p>\n<p>Une belle demeure avec le jardin fleuri, des oies, on ne manquera de rien. Vous pouvez en juger par vous m\u00eame !<\/p>\n<p><img loading=\"lazy\" decoding=\"async\" class=\"aligncenter\" title=\"La salle !\" src=\"http:\/\/a6.idata.over-blog.com\/2\/14\/04\/06\/2008\/Novembre\/Dans-le-Taudis.gif\" alt=\"\" width=\"500\" height=\"281\" \/><\/p>\n<p><strong>ACC\u00c8S<\/strong><\/p>\n<p><a href=\"http:\/\/danot.fr\/WordPress\/wp-content\/uploads\/2010\/09\/Plan-la-Cheraille.jpg\"><img loading=\"lazy\" decoding=\"async\" src=\"http:\/\/danot.fr\/WordPress\/wp-content\/uploads\/2010\/09\/Plan-la-Cheraille-1024x809.jpg\" alt=\"\" title=\"Plan la Ch\u00e9raille\" width=\"1024\" height=\"809\" class=\"alignleft size-large wp-image-954\" srcset=\"https:\/\/danot.fr\/WordPress\/wp-content\/uploads\/2010\/09\/Plan-la-Cheraille-1024x809.jpg 1024w, https:\/\/danot.fr\/WordPress\/wp-content\/uploads\/2010\/09\/Plan-la-Cheraille-300x237.jpg 300w, https:\/\/danot.fr\/WordPress\/wp-content\/uploads\/2010\/09\/Plan-la-Cheraille.jpg 1059w\" sizes=\"auto, (max-width: 1024px) 100vw, 1024px\" \/><\/a><\/p>\n<p>Depuis Paris, deux possibilit\u00e9s:<br \/>\n&#8211; Autoroute de l\u2019Ouest, direction Rambouillet, puis N10 jusqu\u2019\u00e0 Rambouillet \u00e0 laisser sur votre droite. Au niveau du centre commercial Carrefour, direction Sonchamp, Saint-Arnoult. Prendre le pont \u00e0 gauche. Tout droit sur la D936. D\u00e9passer Greffiers. 1re \u00e0 droite apr\u00e8s 1,5 km direction La Ch\u00e9raille. Toujours tout droit. Au bout de la route (2 km), longer le mur de gauche et rentrer par le porche. Parking dans la cour.<\/p>\n<p>&#8211; Autoroute du Sud A6, puis A10 direction Orl\u00e9ans-Chartres, sortie Dourdan. Apr\u00e8s le p\u00e9age, direction Rambouillet puis tr\u00e8s vite \u00e0 gauche, direction Clairefontaine que vous traversez. \u00c0 la sortie du village, \u00e0 gauche, direction Greffiers, La Huni\u00e8re, puis toujours tout droit (5 km). Au Stop, traverser la D936. Continuer tout droit. Au bout de la route (2 km), longer le mur de gauche et rentrer par le porche. Parking dans la cour.<\/p>\n<p>&#8211; Les coordonn\u00e9es GPS:<\/p>\n<p>Latitude (D\u00e9cimal)   \t  48.5933557<br \/>\nLongitude (D\u00e9cimal)   \t  1.8430613000000449<\/p>\n<p>Latitude (Sexag\u00e9simal)   \t  N 48\u00b0 35&prime; 36.081\u00a0\u00bb (+48\u00b0 35&prime; 36.081\u00a0\u00bb)<br \/>\nLongitude (Sexag\u00e9simal)   \t  E 1\u00b0 50&prime; 35.0196\u00a0\u00bb (+1\u00b0 50&prime; 35.0196\u00a0\u00bb)<\/p>\n<p>[mappress mapid=\u00a0\u00bb5&Prime;]<\/p>\n","protected":false},"excerpt":{"rendered":"<p>LA CHERAILLE Hameau de la Ch\u00e9raille 78120 CLAIREFONTAINE EN YVELINES Une belle demeure avec le jardin fleuri, des oies, on ne manquera de rien. Vous pouvez en juger par vous m\u00eame ! ACC\u00c8S Depuis Paris, deux possibilit\u00e9s: &#8211; Autoroute de l\u2019Ouest, direction Rambouillet, puis N10 jusqu\u2019\u00e0 Rambouillet \u00e0 laisser sur votre droite. Au niveau du [&hellip;]<\/p>\n","protected":false},"author":1,"featured_media":0,"parent":11,"menu_order":3,"comment_status":"open","ping_status":"open","template":"","meta":{"footnotes":""},"class_list":["post-29","page","type-page","status-publish","hentry"],"yoast_head":"<!-- This site is optimized with the Yoast SEO plugin v28.0 - https:\/\/yoast.com\/product\/yoast-seo-wordpress\/ -->\n<title>La salle - Christine et Yannick<\/title>\n<meta name=\"robots\" content=\"noindex, follow, max-snippet:-1, max-image-preview:large, max-video-preview:-1\" \/>\n<meta property=\"og:locale\" content=\"fr_FR\" \/>\n<meta property=\"og:type\" content=\"article\" \/>\n<meta property=\"og:title\" content=\"La salle - Christine et Yannick\" \/>\n<meta property=\"og:description\" content=\"LA CHERAILLE Hameau de la Ch\u00e9raille 78120 CLAIREFONTAINE EN YVELINES Une belle demeure avec le jardin fleuri, des oies, on ne manquera de rien. Vous pouvez en juger par vous m\u00eame ! ACC\u00c8S Depuis Paris, deux possibilit\u00e9s: &#8211; Autoroute de l\u2019Ouest, direction Rambouillet, puis N10 jusqu\u2019\u00e0 Rambouillet \u00e0 laisser sur votre droite. Au niveau du [&hellip;]\" \/>\n<meta property=\"og:url\" content=\"https:\/\/danot.fr\/WordPress\/?page_id=29\" \/>\n<meta property=\"og:site_name\" content=\"Christine et Yannick\" \/>\n<meta property=\"article:modified_time\" content=\"2011-06-08T20:27:22+00:00\" \/>\n<meta property=\"og:image\" content=\"http:\/\/a6.idata.over-blog.com\/2\/14\/04\/06\/2008\/Novembre\/Dans-le-Taudis.gif\" \/>\n<meta name=\"twitter:card\" content=\"summary_large_image\" \/>\n<meta name=\"twitter:label1\" content=\"Dur\u00e9e de lecture estim\u00e9e\" \/>\n\t<meta name=\"twitter:data1\" content=\"1 minute\" \/>\n<script type=\"application\/ld+json\" class=\"yoast-schema-graph\">{\"@context\":\"https:\\\/\\\/schema.org\",\"@graph\":[{\"@type\":\"WebPage\",\"@id\":\"https:\\\/\\\/danot.fr\\\/WordPress\\\/?page_id=29\",\"url\":\"https:\\\/\\\/danot.fr\\\/WordPress\\\/?page_id=29\",\"name\":\"La salle - Christine et Yannick\",\"isPartOf\":{\"@id\":\"https:\\\/\\\/danot.fr\\\/WordPress\\\/#website\"},\"primaryImageOfPage\":{\"@id\":\"https:\\\/\\\/danot.fr\\\/WordPress\\\/?page_id=29#primaryimage\"},\"image\":{\"@id\":\"https:\\\/\\\/danot.fr\\\/WordPress\\\/?page_id=29#primaryimage\"},\"thumbnailUrl\":\"http:\\\/\\\/a6.idata.over-blog.com\\\/2\\\/14\\\/04\\\/06\\\/2008\\\/Novembre\\\/Dans-le-Taudis.gif\",\"datePublished\":\"2010-09-05T17:26:56+00:00\",\"dateModified\":\"2011-06-08T20:27:22+00:00\",\"breadcrumb\":{\"@id\":\"https:\\\/\\\/danot.fr\\\/WordPress\\\/?page_id=29#breadcrumb\"},\"inLanguage\":\"fr-FR\",\"potentialAction\":[{\"@type\":\"ReadAction\",\"target\":[\"https:\\\/\\\/danot.fr\\\/WordPress\\\/?page_id=29\"]}]},{\"@type\":\"ImageObject\",\"inLanguage\":\"fr-FR\",\"@id\":\"https:\\\/\\\/danot.fr\\\/WordPress\\\/?page_id=29#primaryimage\",\"url\":\"http:\\\/\\\/a6.idata.over-blog.com\\\/2\\\/14\\\/04\\\/06\\\/2008\\\/Novembre\\\/Dans-le-Taudis.gif\",\"contentUrl\":\"http:\\\/\\\/a6.idata.over-blog.com\\\/2\\\/14\\\/04\\\/06\\\/2008\\\/Novembre\\\/Dans-le-Taudis.gif\"},{\"@type\":\"BreadcrumbList\",\"@id\":\"https:\\\/\\\/danot.fr\\\/WordPress\\\/?page_id=29#breadcrumb\",\"itemListElement\":[{\"@type\":\"ListItem\",\"position\":1,\"name\":\"Accueil\",\"item\":\"https:\\\/\\\/danot.fr\\\/WordPress\"},{\"@type\":\"ListItem\",\"position\":2,\"name\":\"Le jour J\",\"item\":\"https:\\\/\\\/danot.fr\\\/WordPress\\\/?page_id=11\"},{\"@type\":\"ListItem\",\"position\":3,\"name\":\"La salle\"}]},{\"@type\":\"WebSite\",\"@id\":\"https:\\\/\\\/danot.fr\\\/WordPress\\\/#website\",\"url\":\"https:\\\/\\\/danot.fr\\\/WordPress\\\/\",\"name\":\"Christine et Yannick\",\"description\":\"Le mariage est une si jolie id\u00e9e que celle de vouloir faire le voyage \u00e0 deux !\",\"potentialAction\":[{\"@type\":\"SearchAction\",\"target\":{\"@type\":\"EntryPoint\",\"urlTemplate\":\"https:\\\/\\\/danot.fr\\\/WordPress\\\/?s={search_term_string}\"},\"query-input\":{\"@type\":\"PropertyValueSpecification\",\"valueRequired\":true,\"valueName\":\"search_term_string\"}}],\"inLanguage\":\"fr-FR\"}]}<\/script>\n<!-- \/ Yoast SEO plugin. -->","yoast_head_json":{"title":"La salle - Christine et Yannick","robots":{"index":"noindex","follow":"follow","max-snippet":"max-snippet:-1","max-image-preview":"max-image-preview:large","max-video-preview":"max-video-preview:-1"},"og_locale":"fr_FR","og_type":"article","og_title":"La salle - Christine et Yannick","og_description":"LA CHERAILLE Hameau de la Ch\u00e9raille 78120 CLAIREFONTAINE EN YVELINES Une belle demeure avec le jardin fleuri, des oies, on ne manquera de rien. Vous pouvez en juger par vous m\u00eame ! ACC\u00c8S Depuis Paris, deux possibilit\u00e9s: &#8211; Autoroute de l\u2019Ouest, direction Rambouillet, puis N10 jusqu\u2019\u00e0 Rambouillet \u00e0 laisser sur votre droite. Au niveau du [&hellip;]","og_url":"https:\/\/danot.fr\/WordPress\/?page_id=29","og_site_name":"Christine et Yannick","article_modified_time":"2011-06-08T20:27:22+00:00","og_image":[{"url":"http:\/\/a6.idata.over-blog.com\/2\/14\/04\/06\/2008\/Novembre\/Dans-le-Taudis.gif","type":"","width":"","height":""}],"twitter_card":"summary_large_image","twitter_misc":{"Dur\u00e9e de lecture estim\u00e9e":"1 minute"},"schema":{"@context":"https:\/\/schema.org","@graph":[{"@type":"WebPage","@id":"https:\/\/danot.fr\/WordPress\/?page_id=29","url":"https:\/\/danot.fr\/WordPress\/?page_id=29","name":"La salle - Christine et Yannick","isPartOf":{"@id":"https:\/\/danot.fr\/WordPress\/#website"},"primaryImageOfPage":{"@id":"https:\/\/danot.fr\/WordPress\/?page_id=29#primaryimage"},"image":{"@id":"https:\/\/danot.fr\/WordPress\/?page_id=29#primaryimage"},"thumbnailUrl":"http:\/\/a6.idata.over-blog.com\/2\/14\/04\/06\/2008\/Novembre\/Dans-le-Taudis.gif","datePublished":"2010-09-05T17:26:56+00:00","dateModified":"2011-06-08T20:27:22+00:00","breadcrumb":{"@id":"https:\/\/danot.fr\/WordPress\/?page_id=29#breadcrumb"},"inLanguage":"fr-FR","potentialAction":[{"@type":"ReadAction","target":["https:\/\/danot.fr\/WordPress\/?page_id=29"]}]},{"@type":"ImageObject","inLanguage":"fr-FR","@id":"https:\/\/danot.fr\/WordPress\/?page_id=29#primaryimage","url":"http:\/\/a6.idata.over-blog.com\/2\/14\/04\/06\/2008\/Novembre\/Dans-le-Taudis.gif","contentUrl":"http:\/\/a6.idata.over-blog.com\/2\/14\/04\/06\/2008\/Novembre\/Dans-le-Taudis.gif"},{"@type":"BreadcrumbList","@id":"https:\/\/danot.fr\/WordPress\/?page_id=29#breadcrumb","itemListElement":[{"@type":"ListItem","position":1,"name":"Accueil","item":"https:\/\/danot.fr\/WordPress"},{"@type":"ListItem","position":2,"name":"Le jour J","item":"https:\/\/danot.fr\/WordPress\/?page_id=11"},{"@type":"ListItem","position":3,"name":"La salle"}]},{"@type":"WebSite","@id":"https:\/\/danot.fr\/WordPress\/#website","url":"https:\/\/danot.fr\/WordPress\/","name":"Christine et Yannick","description":"Le mariage est une si jolie id\u00e9e que celle de vouloir faire le voyage \u00e0 deux !","potentialAction":[{"@type":"SearchAction","target":{"@type":"EntryPoint","urlTemplate":"https:\/\/danot.fr\/WordPress\/?s={search_term_string}"},"query-input":{"@type":"PropertyValueSpecification","valueRequired":true,"valueName":"search_term_string"}}],"inLanguage":"fr-FR"}]}},"jetpack_sharing_enabled":true,"_links":{"self":[{"href":"https:\/\/danot.fr\/WordPress\/index.php?rest_route=\/wp\/v2\/pages\/29","targetHints":{"allow":["GET"]}}],"collection":[{"href":"https:\/\/danot.fr\/WordPress\/index.php?rest_route=\/wp\/v2\/pages"}],"about":[{"href":"https:\/\/danot.fr\/WordPress\/index.php?rest_route=\/wp\/v2\/types\/page"}],"author":[{"embeddable":true,"href":"https:\/\/danot.fr\/WordPress\/index.php?rest_route=\/wp\/v2\/users\/1"}],"replies":[{"embeddable":true,"href":"https:\/\/danot.fr\/WordPress\/index.php?rest_route=%2Fwp%2Fv2%2Fcomments&post=29"}],"version-history":[{"count":14,"href":"https:\/\/danot.fr\/WordPress\/index.php?rest_route=\/wp\/v2\/pages\/29\/revisions"}],"predecessor-version":[{"id":280,"href":"https:\/\/danot.fr\/WordPress\/index.php?rest_route=\/wp\/v2\/pages\/29\/revisions\/280"}],"up":[{"embeddable":true,"href":"https:\/\/danot.fr\/WordPress\/index.php?rest_route=\/wp\/v2\/pages\/11"}],"wp:attachment":[{"href":"https:\/\/danot.fr\/WordPress\/index.php?rest_route=%2Fwp%2Fv2%2Fmedia&parent=29"}],"curies":[{"name":"wp","href":"https:\/\/api.w.org\/{rel}","templated":true}]}}